{"id":851,"date":"2014-08-05T08:35:44","date_gmt":"2014-08-05T07:35:44","guid":{"rendered":"https:\/\/www.crulamouroux.com\/?page_id=851"},"modified":"2021-02-24T15:18:59","modified_gmt":"2021-02-24T14:18:59","slug":"el-dominio","status":"publish","type":"page","link":"https:\/\/www.crulamouroux.com\/es\/el-dominio\/","title":{"rendered":"El Dominio"},"content":{"rendered":"<p>[vc_row full_width=\u00bbstretch_row\u00bb css=\u00bb.vc_custom_1612528740545{margin-top: 60px !important;background-position: 0 0 !important;background-repeat: no-repeat !important;}\u00bb][vc_column][vc_column_text]<\/p>\n<h1 style=\"text-align: center;\">El Dominio<\/h1>\n<h1 style=\"text-align: center;\"><span style=\"color: #d19234;\">Cru Lamouroux<\/span><\/h1>\n<h6 style=\"text-align: center; text-transform: uppercase;\">AOC Juran\u00e7on<\/h6>\n<p>[\/vc_column_text][vc_single_image image=\u00bb28389&#8243; img_size=\u00bbmedium\u00bb alignment=\u00bbcenter\u00bb][vc_single_image image=\u00bb29028&#8243; img_size=\u00bb800&#215;600&#8243; alignment=\u00bbcenter\u00bb css_animation=\u00bbzoomIn\u00bb][vc_empty_space height=\u00bb50px\u00bb][vc_row_inner][vc_column_inner width=\u00bb1\/6&#8243;][\/vc_column_inner][vc_column_inner width=\u00bb2\/3&#8243;][vc_column_text]<\/p>\n<p style=\"text-align: center;\">El vi\u00f1edo del <span style=\"color: #d19234;\">Cru Lamouroux<\/span>, situado en el centro del Juran\u00e7on, se extiende sobre 5,3 hect\u00e1reas de laderas orientadas al Sur y Suroeste, con pendientes de 20 al 40%. Las condiciones clim\u00e1ticas son \u00f3ptimas; \u00a1nuestras vi\u00f1as est\u00e1n hartadas de sol!<\/p>\n<p style=\"text-align: center;\">El encepamiento del vi\u00f1edo se compone de <span style=\"color: #d19234;\">Petit Manseng<\/span> que participa mayoritariamente al elaboraci\u00f3n de los vinos dulces, y de <span style=\"color: #d19234;\">Gros Manseng<\/span> que dominar\u00e1 en nuestro Juran\u00e7on Seco.<\/p>\n<p style=\"text-align: center;\">Dos hect\u00e1reas de nuestro vi\u00f1edo est\u00e1n plantadas sobre terrazas en anfiteatro, garantizando un soleamiento ideal; el resto est\u00e1 plantado en el sentido de la pendiente.<\/p>\n<p style=\"text-align: center;\">Tras las vendimias, las vides pierden sus hojas; la circulaci\u00f3n de la savia disminuye poco a poco hasta detenerse completamente; las vides entran en inactividad (\u201cdormance\u201d); \u00a1un merecido descanso despu\u00e9s de un a\u00f1o bien cumplido!<\/p>\n<p>[\/vc_column_text][\/vc_column_inner][vc_column_inner width=\u00bb1\/6&#8243;][\/vc_column_inner][\/vc_row_inner][vc_empty_space height=\u00bb70px\u00bb][\/vc_column][\/vc_row][vc_row full_width=\u00bbstretch_row_content_no_spaces\u00bb content_placement=\u00bbmiddle\u00bb css=\u00bb.vc_custom_1612958748973{margin-top: 0px !important;margin-bottom: 0px !important;background-position: center !important;background-repeat: no-repeat !important;background-size: cover !important;}\u00bb][vc_column width=\u00bb1\/2&#8243; css=\u00bb.vc_custom_1612959729484{background-image: url(https:\/\/www.crulamouroux.com\/wp-content\/uploads\/2021\/02\/Cru-lamouroux-vignes.jpg?id=28960) !important;background-position: center !important;background-repeat: no-repeat !important;background-size: cover !important;}\u00bb][vc_empty_space height=\u00bb550px\u00bb][\/vc_column][vc_column css_animation=\u00bbslideInRight\u00bb width=\u00bb1\/2&#8243; css=\u00bb.vc_custom_1612959497515{padding: 50px !important;}\u00bb][vc_column_text]<\/p>\n<h1>La Tierra<\/h1>\n<h3 style=\"color: #d19234;\">La pasi\u00f3n de la tierra y de la vi\u00f1a<\/h3>\n<p>[\/vc_column_text][vc_separator color=\u00bbcustom\u00bb align=\u00bbalign_left\u00bb border_width=\u00bb5&#8243; el_width=\u00bb10&#8243; accent_color=\u00bb#d19234&#8243;][vc_column_text]La mayor\u00eda de los cuidados puestos en nuestro vi\u00f1edo se efect\u00faan <strong>a mano<\/strong>, las vides, cortadas en \u201cguyot doble\u201d; las le\u00f1as, una vez cortadas, quitadas de la cepa, lo que se nombra com\u00fanmente \u201ctirage\u201d (tirada) o \u201ctomb\u00e9e des bois\u201d (ca\u00efda de las le\u00f1as). Los sarmientos en tierra, machacados, permiten devolver a la tierra todos los elementos que contienen. As\u00ed, los suelos no se empobrecen y requieren pocos aportes.<\/p>\n<p>Despu\u00e9s, nuestras vides est\u00e1n atadas a mano para orientar el brote en el sentido deseado; luego, se visita cuidadosamente todo el vi\u00f1edo para destacar todas las cepas muertas.<\/p>\n<p>En per\u00edodo de crecimiento, se presta una atenci\u00f3n especial al emparrado y al levantamiento. Efectuados manualmente, permiten contener el crecimiento de las vi\u00f1as, y optimizar la calidad de la futura cosecha.<\/p>\n<p>\u00a1Por fin viene <strong>el tiempo de las vendimias<\/strong>, despu\u00e9s de un a\u00f1o entero de trabajos asiduos y apasionados! \u00a1<strong>Un festival de los sentidos, preludio a los futuros vinos<\/strong>! Se orquestan a mano, por selecciones sucesivas en cajitas que se transportan r\u00e1pidamente en direcci\u00f3n de la prensa.[\/vc_column_text][\/vc_column][\/vc_row][vc_row full_width=\u00bbstretch_row_content_no_spaces\u00bb content_placement=\u00bbmiddle\u00bb css=\u00bb.vc_custom_1612964749369{padding-top: 0px !important;padding-right: 0px !important;padding-bottom: 0px !important;padding-left: 0px !important;background-color: rgba(209,146,52,0.09) !important;background-position: center !important;background-repeat: no-repeat !important;background-size: cover !important;*background-color: rgb(209,146,52) !important;}\u00bb][vc_column css_animation=\u00bbslideInLeft\u00bb width=\u00bb1\/2&#8243; css=\u00bb.vc_custom_1612964904636{padding-top: 50px !important;padding-right: 50px !important;padding-bottom: 50px !important;padding-left: 50px !important;}\u00bb][vc_column_text]<\/p>\n<h1 style=\"text-align: left;\">El vino<\/h1>\n<h2 style=\"text-align: left;\"><span style=\"color: #d19234;\">La pasi\u00f3n del vino<\/span><\/h2>\n<p>[\/vc_column_text][vc_separator color=\u00bbcustom\u00bb align=\u00bbalign_left\u00bb border_width=\u00bb5&#8243; el_width=\u00bb10&#8243; accent_color=\u00bb#d19234&#8243;][vc_column_text]La vinificaci\u00f3n\u00a0comienza por el despalillado de las uvas que son despu\u00e9s llevadas en una prensa neum\u00e1tica. La prensada se har\u00e1 con presi\u00f3n reducida, y bajo una vigilancia constante de los jugos de prensa, para no deteriorar la calidad de los mostos por una prensada excesiva.<\/p>\n<p>Tras desburbado,\u00a0la fermentaci\u00f3n\u00a0empieza con las levaduras ind\u00edgenas, y se efect\u00faa controlando la temperatura y la densidad durante toda la duraci\u00f3n de la vinificaci\u00f3n. Todas las vinificaciones son realizadas en cubas de inox.<\/p>\n<p>Cuando la fermentaci\u00f3n esta terminada, los vinos est\u00e1n inmediatamente filtrados sobre diatomeas, y despu\u00e9s, criados en cubas de inox para el\u00a0Juran\u00e7on Seco y el Juran\u00e7on tradicional, y en\u00a0barricas de roble para nuestras \u201cCuv\u00e9es\u201d.<\/p>\n<p>Despu\u00e9s de la mezcla, los vinos est\u00e1n embotellados bajo nuestros cuidados, a la propiedad.\u00a0<strong>\u00a1Favorecemos la calidad m\u00e1s que la cantidad!<\/strong>[\/vc_column_text][\/vc_column][vc_column width=\u00bb1\/2&#8243; css=\u00bb.vc_custom_1612964889890{margin-top: 0px !important;margin-right: 0px !important;margin-bottom: 0px !important;margin-left: 0px !important;padding-top: 0px !important;padding-right: 0px !important;padding-bottom: 0px !important;padding-left: 0px !important;background-image: url(https:\/\/www.crulamouroux.com\/wp-content\/uploads\/2021\/02\/Cru-lamouroux-cave-a-vin.jpg?id=28951) !important;background-position: center !important;background-repeat: no-repeat !important;background-size: cover !important;}\u00bb][vc_empty_space height=\u00bb550px\u00bb][\/vc_column][\/vc_row][vc_row full_width=\u00bbstretch_row_content_no_spaces\u00bb content_placement=\u00bbmiddle\u00bb css=\u00bb.vc_custom_1612964705612{margin-top: 0px !important;margin-bottom: 0px !important;background-position: center !important;background-repeat: no-repeat !important;background-size: cover !important;}\u00bb][vc_column width=\u00bb1\/2&#8243; css=\u00bb.vc_custom_1612960102701{background-image: url(https:\/\/www.crulamouroux.com\/wp-content\/uploads\/2014\/08\/Cru_Lamouroux_Chig\u00e9-Ziemek_la_Chapelle_de_Rousse_quartier_de_Juran\u00e7on.jpg?id=420) !important;background-position: center !important;background-repeat: no-repeat !important;background-size: cover !important;}\u00bb][vc_empty_space height=\u00bb550px\u00bb][\/vc_column][vc_column css_animation=\u00bbslideInRight\u00bb width=\u00bb1\/2&#8243; css=\u00bb.vc_custom_1612960124447{padding: 50px !important;}\u00bb][vc_column_text]<\/p>\n<h1>Compartir<\/h1>\n<h3 style=\"color: #d19234;\">La pasi\u00f3n por compartir<\/h3>\n<p>[\/vc_column_text][vc_separator color=\u00bbcustom\u00bb align=\u00bbalign_left\u00bb border_width=\u00bb5&#8243; el_width=\u00bb10&#8243; accent_color=\u00bb#d19234&#8243;][vc_column_text]Nuestra propiedad est\u00e1 abierta todo el a\u00f1o.\u00a0<strong>Degustaci\u00f3n gratuita y amistosa, frente a los Pirineos.<\/strong><\/p>\n<p>Disponemos tambi\u00e9n, de una\u00a0<strong>sala de recepci\u00f3n<\/strong>, para recibir grupos, bajo previa petici\u00f3n de hora (100 personas sentadas m\u00e1ximas) y hacerle aprovechar de una presentaci\u00f3n animada de nuestro dominio.<\/p>\n<p>Todos nuestros vinos est\u00e1n tapados al\u00a0<strong>corcho natural de primera calidad, luego encapsulados a la cera.<\/strong>\u00a0Se hace la comercializaci\u00f3n a la propiedad, o por expedici\u00f3n por toda Francia.<\/p>\n<p>\u00a1<strong>Pierre-Yves Ziemek<\/strong>, hijo de Monique y Richard Ziemek, es la quinta generaci\u00f3n que prosigue la aventura familiar![\/vc_column_text][\/vc_column][\/vc_row][vc_row full_width=\u00bbstretch_row_content\u00bb parallax=\u00bbcontent-moving\u00bb parallax_image=\u00bb542&#8243; css=\u00bb.vc_custom_1612882913875{background-color: rgba(29,45,64,0.1) !important;*background-color: rgb(29,45,64) !important;}\u00bb][vc_column][vc_empty_space height=\u00bb100px\u00bb][vc_row_inner][vc_column_inner width=\u00bb1\/3&#8243;][\/vc_column_inner][vc_column_inner width=\u00bb1\/3&#8243;][vc_single_image image=\u00bb28679&#8243; img_size=\u00bb140&#215;140&#8243; alignment=\u00bbcenter\u00bb css_animation=\u00bbslideInUp\u00bb][vc_empty_space height=\u00bb20px\u00bb][vc_btn title=\u00bbNuestros vinos\u00bb style=\u00bboutline-custom\u00bb outline_custom_color=\u00bb#1d2d40&#8243; outline_custom_hover_background=\u00bb#1d2d40&#8243; outline_custom_hover_text=\u00bb#ffffff\u00bb shape=\u00bbround\u00bb size=\u00bblg\u00bb align=\u00bbcenter\u00bb css_animation=\u00bbslideInUp\u00bb button_block=\u00bbtrue\u00bb link=\u00bburl:%2Fes%2Fnuestros-vinos%2F\u00bb][\/vc_column_inner][vc_column_inner width=\u00bb1\/3&#8243;][\/vc_column_inner][\/vc_row_inner][vc_empty_space height=\u00bb100px\u00bb][vc_single_image image=\u00bb28429&#8243; img_size=\u00bbfull\u00bb alignment=\u00bbcenter\u00bb css=\u00bb.vc_custom_1612526327385{margin-bottom: 0px !important;padding-bottom: 0px !important;}\u00bb][\/vc_column][\/vc_row]<\/p>\n","protected":false},"excerpt":{"rendered":"<p>[vc_row full_width=\u00bbstretch_row\u00bb css=\u00bb.vc_custom_1612528740545{margin-top: 60px !important;background-position: 0 0 !important;background-repeat: no-repeat !important;}\u00bb][vc_column][vc_column_text] El Dominio Cru Lamouroux AOC Juran\u00e7on [\/vc_column_text][vc_single_image image=\u00bb28389&#8243; img_size=\u00bbmedium\u00bb alignment=\u00bbcenter\u00bb][vc_single_image image=\u00bb29028&#8243; img_size=\u00bb800&#215;600&#8243; alignment=\u00bbcenter\u00bb css_animation=\u00bbzoomIn\u00bb][vc_empty_space height=\u00bb50px\u00bb][vc_row_inner][vc_column_inner width=\u00bb1\/6&#8243;][\/vc_column_inner][vc_column_inner width=\u00bb2\/3&#8243;][vc_column_text] El vi\u00f1edo del Cru Lamouroux, situado en el centro del Juran\u00e7on, se extiende sobre 5,3 hect\u00e1reas de laderas orientadas al Sur y Suroeste, con pendientes de 20 al&hellip;<\/p>\n","protected":false},"author":1,"featured_media":0,"parent":0,"menu_order":1,"comment_status":"closed","ping_status":"closed","template":"","meta":[],"class_list":["post-851","page","type-page","status-publish","hentry","description-off"],"yoast_head":"<!-- This site is optimized with the Yoast SEO plugin v24.0 - https:\/\/yoast.com\/wordpress\/plugins\/seo\/ -->\n<title>Le Domaine juran\u00e7on<\/title>\n<meta name=\"description\" content=\"Situ\u00e9 au c\u0153ur du Juran\u00e7on dans les coteaux en exposition Sud et Sud-Ouest, les vins cru Lamouroux r\u00e9unissent toutes les conditions climatiques optimales.\" \/>\n<meta name=\"robots\" content=\"index, follow, max-snippet:-1, max-image-preview:large, max-video-preview:-1\" \/>\n<link rel=\"canonical\" href=\"https:\/\/www.crulamouroux.com\/es\/el-dominio\/\" \/>\n<meta property=\"og:locale\" content=\"es_ES\" \/>\n<meta property=\"og:type\" content=\"article\" \/>\n<meta property=\"og:title\" content=\"Le Domaine juran\u00e7on\" \/>\n<meta property=\"og:description\" content=\"Situ\u00e9 au c\u0153ur du Juran\u00e7on dans les coteaux en exposition Sud et Sud-Ouest, les vins cru Lamouroux r\u00e9unissent toutes les conditions climatiques optimales.\" \/>\n<meta property=\"og:url\" content=\"https:\/\/www.crulamouroux.com\/es\/el-dominio\/\" \/>\n<meta property=\"og:site_name\" content=\"Cru Lamouroux\" \/>\n<meta property=\"article:publisher\" content=\"https:\/\/www.facebook.com\/jurancon.crulamouroux\" \/>\n<meta property=\"article:modified_time\" content=\"2021-02-24T14:18:59+00:00\" \/>\n<meta name=\"twitter:card\" content=\"summary_large_image\" \/>\n<meta name=\"twitter:site\" content=\"@CruLamouroux\" \/>\n<meta name=\"twitter:label1\" content=\"Tiempo de lectura\" \/>\n\t<meta name=\"twitter:data1\" content=\"4 minutos\" \/>\n<script type=\"application\/ld+json\" class=\"yoast-schema-graph\">{\"@context\":\"https:\/\/schema.org\",\"@graph\":[{\"@type\":\"WebPage\",\"@id\":\"https:\/\/www.crulamouroux.com\/es\/el-dominio\/\",\"url\":\"https:\/\/www.crulamouroux.com\/es\/el-dominio\/\",\"name\":\"Le Domaine juran\u00e7on\",\"isPartOf\":{\"@id\":\"https:\/\/www.crulamouroux.com\/#website\"},\"datePublished\":\"2014-08-05T07:35:44+00:00\",\"dateModified\":\"2021-02-24T14:18:59+00:00\",\"description\":\"Situ\u00e9 au c\u0153ur du Juran\u00e7on dans les coteaux en exposition Sud et Sud-Ouest, les vins cru Lamouroux r\u00e9unissent toutes les conditions climatiques optimales.\",\"breadcrumb\":{\"@id\":\"https:\/\/www.crulamouroux.com\/es\/el-dominio\/#breadcrumb\"},\"inLanguage\":\"es\",\"potentialAction\":[{\"@type\":\"ReadAction\",\"target\":[\"https:\/\/www.crulamouroux.com\/es\/el-dominio\/\"]}]},{\"@type\":\"BreadcrumbList\",\"@id\":\"https:\/\/www.crulamouroux.com\/es\/el-dominio\/#breadcrumb\",\"itemListElement\":[{\"@type\":\"ListItem\",\"position\":1,\"name\":\"Accueil\",\"item\":\"https:\/\/www.crulamouroux.com\/es\/\"},{\"@type\":\"ListItem\",\"position\":2,\"name\":\"El Dominio\"}]},{\"@type\":\"WebSite\",\"@id\":\"https:\/\/www.crulamouroux.com\/#website\",\"url\":\"https:\/\/www.crulamouroux.com\/\",\"name\":\"Cru Lamouroux\",\"description\":\"Appellation Juran\u00e7on Contr\u00f4l\u00e9e\",\"potentialAction\":[{\"@type\":\"SearchAction\",\"target\":{\"@type\":\"EntryPoint\",\"urlTemplate\":\"https:\/\/www.crulamouroux.com\/?s={search_term_string}\"},\"query-input\":{\"@type\":\"PropertyValueSpecification\",\"valueRequired\":true,\"valueName\":\"search_term_string\"}}],\"inLanguage\":\"es\"}]}<\/script>\n<!-- \/ Yoast SEO plugin. -->","yoast_head_json":{"title":"Le Domaine juran\u00e7on","description":"Situ\u00e9 au c\u0153ur du Juran\u00e7on dans les coteaux en exposition Sud et Sud-Ouest, les vins cru Lamouroux r\u00e9unissent toutes les conditions climatiques optimales.","robots":{"index":"index","follow":"follow","max-snippet":"max-snippet:-1","max-image-preview":"max-image-preview:large","max-video-preview":"max-video-preview:-1"},"canonical":"https:\/\/www.crulamouroux.com\/es\/el-dominio\/","og_locale":"es_ES","og_type":"article","og_title":"Le Domaine juran\u00e7on","og_description":"Situ\u00e9 au c\u0153ur du Juran\u00e7on dans les coteaux en exposition Sud et Sud-Ouest, les vins cru Lamouroux r\u00e9unissent toutes les conditions climatiques optimales.","og_url":"https:\/\/www.crulamouroux.com\/es\/el-dominio\/","og_site_name":"Cru Lamouroux","article_publisher":"https:\/\/www.facebook.com\/jurancon.crulamouroux","article_modified_time":"2021-02-24T14:18:59+00:00","twitter_card":"summary_large_image","twitter_site":"@CruLamouroux","twitter_misc":{"Tiempo de lectura":"4 minutos"},"schema":{"@context":"https:\/\/schema.org","@graph":[{"@type":"WebPage","@id":"https:\/\/www.crulamouroux.com\/es\/el-dominio\/","url":"https:\/\/www.crulamouroux.com\/es\/el-dominio\/","name":"Le Domaine juran\u00e7on","isPartOf":{"@id":"https:\/\/www.crulamouroux.com\/#website"},"datePublished":"2014-08-05T07:35:44+00:00","dateModified":"2021-02-24T14:18:59+00:00","description":"Situ\u00e9 au c\u0153ur du Juran\u00e7on dans les coteaux en exposition Sud et Sud-Ouest, les vins cru Lamouroux r\u00e9unissent toutes les conditions climatiques optimales.","breadcrumb":{"@id":"https:\/\/www.crulamouroux.com\/es\/el-dominio\/#breadcrumb"},"inLanguage":"es","potentialAction":[{"@type":"ReadAction","target":["https:\/\/www.crulamouroux.com\/es\/el-dominio\/"]}]},{"@type":"BreadcrumbList","@id":"https:\/\/www.crulamouroux.com\/es\/el-dominio\/#breadcrumb","itemListElement":[{"@type":"ListItem","position":1,"name":"Accueil","item":"https:\/\/www.crulamouroux.com\/es\/"},{"@type":"ListItem","position":2,"name":"El Dominio"}]},{"@type":"WebSite","@id":"https:\/\/www.crulamouroux.com\/#website","url":"https:\/\/www.crulamouroux.com\/","name":"Cru Lamouroux","description":"Appellation Juran\u00e7on Contr\u00f4l\u00e9e","potentialAction":[{"@type":"SearchAction","target":{"@type":"EntryPoint","urlTemplate":"https:\/\/www.crulamouroux.com\/?s={search_term_string}"},"query-input":{"@type":"PropertyValueSpecification","valueRequired":true,"valueName":"search_term_string"}}],"inLanguage":"es"}]}},"_links":{"self":[{"href":"https:\/\/www.crulamouroux.com\/es\/wp-json\/wp\/v2\/pages\/851","targetHints":{"allow":["GET"]}}],"collection":[{"href":"https:\/\/www.crulamouroux.com\/es\/wp-json\/wp\/v2\/pages"}],"about":[{"href":"https:\/\/www.crulamouroux.com\/es\/wp-json\/wp\/v2\/types\/page"}],"author":[{"embeddable":true,"href":"https:\/\/www.crulamouroux.com\/es\/wp-json\/wp\/v2\/users\/1"}],"replies":[{"embeddable":true,"href":"https:\/\/www.crulamouroux.com\/es\/wp-json\/wp\/v2\/comments?post=851"}],"version-history":[{"count":24,"href":"https:\/\/www.crulamouroux.com\/es\/wp-json\/wp\/v2\/pages\/851\/revisions"}],"predecessor-version":[{"id":29161,"href":"https:\/\/www.crulamouroux.com\/es\/wp-json\/wp\/v2\/pages\/851\/revisions\/29161"}],"wp:attachment":[{"href":"https:\/\/www.crulamouroux.com\/es\/wp-json\/wp\/v2\/media?parent=851"}],"curies":[{"name":"wp","href":"https:\/\/api.w.org\/{rel}","templated":true}]}}